{"id":424,"date":"2024-01-31T10:42:49","date_gmt":"2024-01-31T10:42:49","guid":{"rendered":"https:\/\/komisija-za-besedotvorje.zrc-sazu.si\/organization\/"},"modified":"2025-04-16T18:44:25","modified_gmt":"2025-04-16T18:44:25","slug":"organizacija","status":"publish","type":"page","link":"https:\/\/diaclas.zrc-sazu.si\/en\/organizacija\/","title":{"rendered":"Organisation"},"content":{"rendered":"\n<h2 class=\"wp-block-heading\" id=\"institutions\"><strong><mark style=\"background-color:rgba(0, 0, 0, 0)\" class=\"has-inline-color has-vivid-cyan-blue-color\">Institutions<\/mark><\/strong><\/h2>\n\n\n\n<p><a href=\"https:\/\/www.zrc-sazu.si\/en\/\" target=\"_blank\" rel=\"noreferrer noopener\">Research Centre of the Slovenian Academy of Sciences and Arts&nbsp; (ZRC SAZU)<\/a>, <a href=\"https:\/\/isjfr.zrc-sazu.si\/en\" target=\"_blank\" rel=\"noreferrer noopener\">Fran Ramov\u0161 Institute of the Slovenian Language<\/a><\/p>\n\n\n\n<p><a href=\"https:\/\/www.fryske-akademy.nl\/en\/\" target=\"_blank\" rel=\"noreferrer noopener\">Fryske Akademy<\/a><\/p>\n\n\n\n<p><a href=\"https:\/\/www.sazu.si\/en\/about-sasa\" target=\"_blank\" rel=\"noreferrer noopener\">Slovenian Academy of Sciences and Arts (SAZU)<\/a><\/p>\n\n\n\n<h2 class=\"wp-block-heading\" id=\"organizing-committee\"><strong><mark style=\"background-color:rgba(0, 0, 0, 0)\" class=\"has-inline-color has-vivid-cyan-blue-color\">Organizing Committee<\/mark><\/strong><\/h2>\n\n\n\n<p>Jo\u017eica \u0160kofic, ZRC SAZU, Fran Ramov\u0161 Institute of the Slovenian Language, chair<\/p>\n\n\n\n<p>Hans Van de Velde, Fryske Akademy<\/p>\n\n\n\n<p>Kozma Aha\u010di\u010d, ZRC SAZU, head of the Fran Ramov\u0161 Institute of the Slovenian Language<\/p>\n\n\n\n<p>Janu\u0161ka Gosten\u010dnik, ZRC SAZU, Fran Ramov\u0161 Institute of the Slovenian Language<\/p>\n\n\n\n<p>Mojca Kumin Horvat, ZRC SAZU, Fran Ramov\u0161 Institute of the Slovenian Language<\/p>\n\n\n\n<p>Karmen Kenda-Je\u017e, ZRC SAZU, Fran Ramov\u0161 Institute of the Slovenian Language<\/p>\n\n\n\n<p>Danila Zuljan Kumar, ZRC SAZU, Fran Ramov\u0161 Institute of the Slovenian Language<\/p>\n\n\n\n<p>Nina Pahor, ZRC SAZU, Fran Ramov\u0161 Institute of the Slovenian Language<\/p>\n\n\n\n<p>Jan Podbev\u0161ek, ZRC SAZU, Fran Ramov\u0161 Institute of the Slovenian Language<\/p>\n\n\n\n<p>Alenka Lap, ZRC SAZU, Fran Ramov\u0161 Institute of the Slovenian Language<\/p>\n\n\n\n<p>Karmen Nemec, ZRC SAZU, Fran Ramov\u0161 Institute of the Slovenian Language<\/p>\n\n\n\n<p>Teja Zavr\u0161nik, ZRC SAZU, Fran Ramov\u0161 Institute of the Slovenian Language<\/p>\n\n\n\n<p>Maru\u0161a \u017dibred, ZRC SAZU, Fran Ramov\u0161 Institute of the Slovenian Language<\/p>\n\n\n\n<p>Pia Rednak, ZRC SAZU, Fran Ramov\u0161 Institute of the Slovenian Language<\/p>\n\n\n\n<p>Du\u0161a Divjak Race, Fran Ramov\u0161 Institute of the Slovenian Language<\/p>\n\n\n\n<p>Alenka Porenta, Fran Ramov\u0161 Institute of the Slovenian Language<\/p>\n\n\n\n<h2 class=\"wp-block-heading\" id=\"program-committee\"><mark style=\"background-color:rgba(0, 0, 0, 0)\" class=\"has-inline-color has-vivid-cyan-blue-color\"><strong>Scientific Committee<\/strong><\/mark><\/h2>\n\n\n\n<p><a href=\"https:\/\/www.fryske-akademy.nl\/en\/about-us\/employees\/employee\/van-de-velde-prof-dr-h-hans\/\" target=\"_blank\" rel=\"noreferrer noopener\">Hans Van de Velde<\/a>, <a href=\"https:\/\/www.fryske-akademy.nl\/en\/\" target=\"_blank\" rel=\"noreferrer noopener\">Fryske Akademy <\/a>and <a href=\"https:\/\/www.uu.nl\/en\/research\/institute-for-language-sciences\" target=\"_blank\" rel=\"noreferrer noopener\">Utrecht University<\/a><\/p>\n\n\n\n<p><a href=\"https:\/\/ekoizpen-zientifikoa.ehu.eus\/investigadores\/846140\/detalle\" target=\"_blank\" rel=\"noreferrer noopener\">Gotzon Aurrekoetxea<\/a>, <a href=\"https:\/\/www.ehu.eus\/en\/en-home\" target=\"_blank\" rel=\"noreferrer noopener\">University of the Basque Country (UPV\/EHU)<\/a><\/p>\n\n\n\n<p><a href=\"https:\/\/www.ehu.eus\/es\/web\/graduak\/grado-geografia-y-ordenacion-territorio\/profesorado?p_redirect=fichaPDI&amp;p_idp=519862\" target=\"_blank\" rel=\"noreferrer noopener\">Ariane Ensunza Aldamizetxebarria<\/a>, <a href=\"https:\/\/www.ehu.eus\/en\/en-home\" target=\"_blank\" rel=\"noreferrer noopener\">University of the Basque Country (UPV\/EHU)<\/a><\/p>\n\n\n\n<p><a href=\"https:\/\/isjfr.zrc-sazu.si\/en\/sodelavci\/jozica-skofic-en\" target=\"_blank\" rel=\"noreferrer noopener\">Jo\u017eica \u0160kofic<\/a>, <a href=\"https:\/\/isjfr.zrc-sazu.si\/en\" target=\"_blank\" rel=\"noreferrer noopener\">ZRC SAZU (Fran Ramov\u0161 Institute of the Slovenian Language)<\/a>, <a href=\"https:\/\/www.sazu.si\/en\/members\/jozica-skofic\" target=\"_blank\" rel=\"noreferrer noopener\">Slovenian academy of sciences and Arts<\/a>, <a href=\"https:\/\/fhs.upr.si\/en\/departments\/department-of-slovene-studies\" target=\"_blank\" rel=\"noreferrer noopener\">University of Primorska<\/a><\/p>\n\n\n\n<p><a href=\"https:\/\/departament-filcat-linguistica.ub.edu\/directori-organitzatiu\/maria-pilar-perea-sabater\" target=\"_blank\" rel=\"noreferrer noopener\">Maria-Pilar Perea<\/a>, <a href=\"https:\/\/departament-filcat-linguistica.ub.edu\/\" target=\"_blank\" rel=\"noreferrer noopener\">Universitat de Barcelona<\/a> and Editor-in-Chief of <a href=\"https:\/\/www.edicions.ub.edu\/revistes\/dialectologia\/\" target=\"_blank\" rel=\"noreferrer noopener\">Dialectologia<\/a><\/p>\n\n\n\n<p><\/p>\n","protected":false},"excerpt":{"rendered":"<p>Institutions Research Centre of the Slovenian Academy of Sciences and Arts&nbsp; (ZRC SAZU), Fran Ramov\u0161 Institute of the Slovenian Language Fryske Akademy Slovenian Academy of Sciences and Arts (SAZU) Organizing Committee Jo\u017eica \u0160kofic, ZRC SAZU, Fran Ramov\u0161 Institute of the Slovenian Language, chair Hans Van de Velde, Fryske Akademy Kozma Aha\u010di\u010d, ZRC SAZU, head of &hellip; <\/p>\n<p class=\"link-more\"><a href=\"https:\/\/diaclas.zrc-sazu.si\/en\/organizacija\/\" class=\"more-link\">Continue reading<span class=\"screen-reader-text\"> &#8220;Organisation&#8221;<\/span><\/a><\/p>\n","protected":false},"author":1,"featured_media":0,"parent":0,"menu_order":2,"comment_status":"closed","ping_status":"closed","template":"","meta":{"ngg_post_thumbnail":0,"footnotes":""},"class_list":["post-424","page","type-page","status-publish","hentry"],"_links":{"self":[{"href":"https:\/\/diaclas.zrc-sazu.si\/en\/wp-json\/wp\/v2\/pages\/424","targetHints":{"allow":["GET"]}}],"collection":[{"href":"https:\/\/diaclas.zrc-sazu.si\/en\/wp-json\/wp\/v2\/pages"}],"about":[{"href":"https:\/\/diaclas.zrc-sazu.si\/en\/wp-json\/wp\/v2\/types\/page"}],"author":[{"embeddable":true,"href":"https:\/\/diaclas.zrc-sazu.si\/en\/wp-json\/wp\/v2\/users\/1"}],"replies":[{"embeddable":true,"href":"https:\/\/diaclas.zrc-sazu.si\/en\/wp-json\/wp\/v2\/comments?post=424"}],"version-history":[{"count":31,"href":"https:\/\/diaclas.zrc-sazu.si\/en\/wp-json\/wp\/v2\/pages\/424\/revisions"}],"predecessor-version":[{"id":1271,"href":"https:\/\/diaclas.zrc-sazu.si\/en\/wp-json\/wp\/v2\/pages\/424\/revisions\/1271"}],"wp:attachment":[{"href":"https:\/\/diaclas.zrc-sazu.si\/en\/wp-json\/wp\/v2\/media?parent=424"}],"curies":[{"name":"wp","href":"https:\/\/api.w.org\/{rel}","templated":true}]}}